{"id":148,"date":"2021-02-25T21:11:06","date_gmt":"2021-02-25T20:11:06","guid":{"rendered":"http:\/\/lesideesdefranck.fr\/?page_id=148"},"modified":"2025-11-09T19:07:22","modified_gmt":"2025-11-09T18:07:22","slug":"cabine-de-plage","status":"publish","type":"page","link":"https:\/\/lesideesdefranck.fr\/index.php\/cabine-de-plage\/","title":{"rendered":"Cabine de plage"},"content":{"rendered":"\n<p class=\"has-background has-medium-font-size\" style=\"background-color:#21a7e0\"><strong>Cabine de plage   105 x 105 x 230<\/strong><\/p>\n\n\n\n<div class=\"wp-block-group\"><div class=\"wp-block-group__inner-container is-layout-flow wp-block-group-is-layout-flow\">\n<div class=\"wp-block-columns is-layout-flex wp-container-core-columns-is-layout-9d6595d7 wp-block-columns-is-layout-flex\">\n<div class=\"wp-block-column is-layout-flow wp-block-column-is-layout-flow\">\n<div class=\"wp-block-columns is-layout-flex wp-container-core-columns-is-layout-9d6595d7 wp-block-columns-is-layout-flex\">\n<div class=\"wp-block-column is-layout-flow wp-block-column-is-layout-flow\" style=\"flex-basis:100%\">\n<details class=\"wp-block-details is-layout-flow wp-block-details-is-layout-flow\"><summary><\/summary>\n<div class=\"wp-block-columns is-layout-flex wp-container-core-columns-is-layout-9d6595d7 wp-block-columns-is-layout-flex\">\n<div class=\"wp-block-column is-layout-flow wp-block-column-is-layout-flow\">\n<figure class=\"wp-block-image size-large\"><img loading=\"lazy\" decoding=\"async\" width=\"768\" height=\"1024\" src=\"https:\/\/lesideesdefranck.fr\/wp-content\/uploads\/2024\/12\/IMG_20240928_124544-768x1024.jpg\" alt=\"\" class=\"wp-image-1270\" srcset=\"https:\/\/lesideesdefranck.fr\/wp-content\/uploads\/2024\/12\/IMG_20240928_124544-768x1024.jpg 768w, https:\/\/lesideesdefranck.fr\/wp-content\/uploads\/2024\/12\/IMG_20240928_124544-225x300.jpg 225w, https:\/\/lesideesdefranck.fr\/wp-content\/uploads\/2024\/12\/IMG_20240928_124544-1152x1536.jpg 1152w, https:\/\/lesideesdefranck.fr\/wp-content\/uploads\/2024\/12\/IMG_20240928_124544-1536x2048.jpg 1536w, https:\/\/lesideesdefranck.fr\/wp-content\/uploads\/2024\/12\/IMG_20240928_124544-scaled.jpg 1920w\" sizes=\"auto, (max-width: 768px) 100vw, 768px\" \/><\/figure>\n<\/div>\n\n\n\n<div class=\"wp-block-column is-layout-flow wp-block-column-is-layout-flow\">\n<figure class=\"wp-block-image size-large\"><img loading=\"lazy\" decoding=\"async\" width=\"768\" height=\"1024\" src=\"https:\/\/lesideesdefranck.fr\/wp-content\/uploads\/2024\/12\/IMG_20240428_110906-1-768x1024.jpg\" alt=\"\" class=\"wp-image-1271\" srcset=\"https:\/\/lesideesdefranck.fr\/wp-content\/uploads\/2024\/12\/IMG_20240428_110906-1-768x1024.jpg 768w, https:\/\/lesideesdefranck.fr\/wp-content\/uploads\/2024\/12\/IMG_20240428_110906-1-225x300.jpg 225w, https:\/\/lesideesdefranck.fr\/wp-content\/uploads\/2024\/12\/IMG_20240428_110906-1-1152x1536.jpg 1152w, https:\/\/lesideesdefranck.fr\/wp-content\/uploads\/2024\/12\/IMG_20240428_110906-1-1536x2048.jpg 1536w, https:\/\/lesideesdefranck.fr\/wp-content\/uploads\/2024\/12\/IMG_20240428_110906-1-scaled.jpg 1920w\" sizes=\"auto, (max-width: 768px) 100vw, 768px\" \/><\/figure>\n<\/div>\n\n\n\n<div class=\"wp-block-column is-layout-flow wp-block-column-is-layout-flow\">\n<figure class=\"wp-block-image size-large\"><img loading=\"lazy\" decoding=\"async\" width=\"768\" height=\"1024\" src=\"https:\/\/lesideesdefranck.fr\/wp-content\/uploads\/2024\/12\/IMG_20240413_155425-768x1024.jpg\" alt=\"\" class=\"wp-image-1272\" srcset=\"https:\/\/lesideesdefranck.fr\/wp-content\/uploads\/2024\/12\/IMG_20240413_155425-768x1024.jpg 768w, https:\/\/lesideesdefranck.fr\/wp-content\/uploads\/2024\/12\/IMG_20240413_155425-225x300.jpg 225w, https:\/\/lesideesdefranck.fr\/wp-content\/uploads\/2024\/12\/IMG_20240413_155425-1152x1536.jpg 1152w, https:\/\/lesideesdefranck.fr\/wp-content\/uploads\/2024\/12\/IMG_20240413_155425-1536x2048.jpg 1536w, https:\/\/lesideesdefranck.fr\/wp-content\/uploads\/2024\/12\/IMG_20240413_155425-scaled.jpg 1920w\" sizes=\"auto, (max-width: 768px) 100vw, 768px\" \/><\/figure>\n<\/div>\n<\/div>\n<\/details>\n<\/div>\n<\/div>\n\n\n\n<figure class=\"wp-block-image size-large\"><img loading=\"lazy\" decoding=\"async\" width=\"768\" height=\"1024\" src=\"https:\/\/lesideesdefranck.fr\/wp-content\/uploads\/2025\/11\/IMG_20240413_155425-768x1024.jpg\" alt=\"\" class=\"wp-image-1388\" srcset=\"https:\/\/lesideesdefranck.fr\/wp-content\/uploads\/2025\/11\/IMG_20240413_155425-768x1024.jpg 768w, https:\/\/lesideesdefranck.fr\/wp-content\/uploads\/2025\/11\/IMG_20240413_155425-225x300.jpg 225w, https:\/\/lesideesdefranck.fr\/wp-content\/uploads\/2025\/11\/IMG_20240413_155425-1152x1536.jpg 1152w, https:\/\/lesideesdefranck.fr\/wp-content\/uploads\/2025\/11\/IMG_20240413_155425-1536x2048.jpg 1536w, https:\/\/lesideesdefranck.fr\/wp-content\/uploads\/2025\/11\/IMG_20240413_155425-scaled.jpg 1920w\" sizes=\"auto, (max-width: 768px) 100vw, 768px\" \/><\/figure>\n<\/div>\n<\/div>\n<\/div><\/div>\n\n\n\n<p class=\"has-medium-font-size\"><em><mark style=\"background-color:rgba(0, 0, 0, 0)\" class=\"has-inline-color has-primary-color\"><strong> <\/strong><\/mark><\/em><\/p>\n\n\n\n<ul class=\"wp-block-list\">\n<li>Structure en tasseau trait\u00e9 CL 4 45 x 45<\/li>\n\n\n\n<li>Bardage pin autoclave trait\u00e9 CL 4 Lame Ep 21<\/li>\n\n\n\n<li>Lame de finition pin autoclave trait\u00e9 CL4  <\/li>\n\n\n\n<li>Poteau 7&#215;7 CL4<\/li>\n\n\n\n<li>Vis inox A2  ,Pointe t\u00eate ronde inox A2 <\/li>\n\n\n\n<li>Peinture glyc\u00e9ro (condition extr\u00eame) 2 couches lame par lame ext\u00e9rieur ( peinture int\u00e9rieure optionnelle )<\/li>\n\n\n\n<li>Toit en bois CL4 + r\u00e9sine <\/li>\n\n\n\n<li>Plancher lame de terrasse pin autoclave trait\u00e9 CL 4<\/li>\n\n\n\n<li>Hublot 30 cm diam\u00e8tre pvc <\/li>\n\n\n\n<li>Serrurerie -Fermeture de la porte fermeture type loquet en inox<\/li>\n\n\n\n<li>D\u00e9montable en 6 parties (les 4 c\u00f4t\u00e9s + le toit+ plancher)<\/li>\n\n\n\n<li>Poids : 200 Kg environ<\/li>\n\n\n\n<li><\/li>\n\n\n\n<li class=\"has-medium-font-size\">Finition fa\u00e7ade 7 lames<\/li>\n<\/ul>\n\n\n\n<p class=\"has-medium-font-size\">Au choix : <\/p>\n\n\n\n<ul class=\"wp-block-list\">\n<li>Couleur au choix avec un nuancier <br>Option :<\/li>\n\n\n\n<li>Support pour l&rsquo;implantation dalle b\u00e9ton<\/li>\n\n\n\n<li class=\"has-primary-color has-text-color has-link-color has-medium-font-size wp-elements-d71fb29df17df74f625892ad85353b79\"><strong>Livraison et montage sur place (2 personnes)  120\u20ac :  suppl\u00e9ment au del\u00e0 de 30km .<\/strong><\/li>\n<\/ul>\n\n\n\n<p class=\"has-primary-color has-light-gray-background-color has-text-color has-background\">D\u00e9lai de fabrication environ 4 semaines  ,planification de la livraison selon le planning .<br><strong>Tarif : 1700\u20ac TTC<\/strong><\/p>\n\n\n\n<p><\/p>\n\n\n\n<p class=\"has-white-color has-black-background-color has-text-color has-background has-medium-font-size\"><strong>Cabine de plage   135 x 105 x 240<\/strong><\/p>\n\n\n\n<div class=\"wp-block-columns is-layout-flex wp-container-core-columns-is-layout-9d6595d7 wp-block-columns-is-layout-flex\">\n<div class=\"wp-block-column is-layout-flow wp-block-column-is-layout-flow\">\n<figure class=\"wp-block-image size-large\"><img loading=\"lazy\" decoding=\"async\" width=\"768\" height=\"1024\" src=\"https:\/\/lesideesdefranck.fr\/wp-content\/uploads\/2025\/11\/IMG_20240428_110906-768x1024.jpg\" alt=\"\" class=\"wp-image-1389\" srcset=\"https:\/\/lesideesdefranck.fr\/wp-content\/uploads\/2025\/11\/IMG_20240428_110906-768x1024.jpg 768w, https:\/\/lesideesdefranck.fr\/wp-content\/uploads\/2025\/11\/IMG_20240428_110906-225x300.jpg 225w, https:\/\/lesideesdefranck.fr\/wp-content\/uploads\/2025\/11\/IMG_20240428_110906-1152x1536.jpg 1152w, https:\/\/lesideesdefranck.fr\/wp-content\/uploads\/2025\/11\/IMG_20240428_110906-1536x2048.jpg 1536w, https:\/\/lesideesdefranck.fr\/wp-content\/uploads\/2025\/11\/IMG_20240428_110906-scaled.jpg 1920w\" sizes=\"auto, (max-width: 768px) 100vw, 768px\" \/><\/figure>\n<\/div>\n\n\n\n<div class=\"wp-block-column is-layout-flow wp-block-column-is-layout-flow\">\n<figure class=\"wp-block-image size-large\"><img loading=\"lazy\" decoding=\"async\" width=\"768\" height=\"1024\" src=\"https:\/\/lesideesdefranck.fr\/wp-content\/uploads\/2024\/12\/IMG_20241030_151055-768x1024.jpg\" alt=\"\" class=\"wp-image-1274\" srcset=\"https:\/\/lesideesdefranck.fr\/wp-content\/uploads\/2024\/12\/IMG_20241030_151055-768x1024.jpg 768w, https:\/\/lesideesdefranck.fr\/wp-content\/uploads\/2024\/12\/IMG_20241030_151055-225x300.jpg 225w, https:\/\/lesideesdefranck.fr\/wp-content\/uploads\/2024\/12\/IMG_20241030_151055-1152x1536.jpg 1152w, https:\/\/lesideesdefranck.fr\/wp-content\/uploads\/2024\/12\/IMG_20241030_151055-1536x2048.jpg 1536w, https:\/\/lesideesdefranck.fr\/wp-content\/uploads\/2024\/12\/IMG_20241030_151055-scaled.jpg 1920w\" sizes=\"auto, (max-width: 768px) 100vw, 768px\" \/><\/figure>\n<\/div>\n<\/div>\n\n\n\n<ul class=\"wp-block-list\">\n<li>Structure en tasseau trait\u00e9 CL 4   45 x 38<\/li>\n\n\n\n<li>Bardage pin autoclave trait\u00e9 CL 4 Lame Ep 21<\/li>\n\n\n\n<li>Lame de finition pin autoclave trait\u00e9 CL4  <\/li>\n\n\n\n<li>Poteau 7&#215;7 CL4<\/li>\n\n\n\n<li>Vis inox A2    ,Pointe t\u00eate ronde inox A2 <\/li>\n\n\n\n<li>Peinture glyc\u00e9ro (condition extr\u00eame) 2 couches lame par lame ext\u00e9rieur ( peinture int\u00e9rieure optionnelle )<\/li>\n\n\n\n<li>Toit en bois CL4 + r\u00e9sine <\/li>\n\n\n\n<li>Plancher lame de terrasse pin autoclave trait\u00e9  CL 4<\/li>\n\n\n\n<li>Hublot 30 cm diam\u00e8tre pvc , en option pour autre mati\u00e8re laiton\/ inox<\/li>\n\n\n\n<li>Serrurerie -Fermeture de la porte fermeture type loquet en inox<\/li>\n\n\n\n<li>D\u00e9montable en 6 parties (les 4 c\u00f4t\u00e9s  + le toit+ plancher)<\/li>\n\n\n\n<li>Poids : 250 Kg environ<\/li>\n\n\n\n<li><\/li>\n\n\n\n<li class=\"has-medium-font-size\">Finition fa\u00e7ade 9 lames<\/li>\n<\/ul>\n\n\n\n<p>Au choix : <\/p>\n\n\n\n<ul class=\"wp-block-list\">\n<li>Couleur : <\/li>\n\n\n\n<li>Au choix avec un nuancier<br><br>Option:<\/li>\n\n\n\n<li>Support pour l&rsquo;implantation dalle b\u00e9ton<\/li>\n\n\n\n<li class=\"has-primary-color has-text-color has-link-color has-medium-font-size wp-elements-5c95ca798acf7f45f92610b41e6db324\">Livraison et montage sur place (2 personnes) 120\u20ac  : suppl\u00e9ment au del\u00e0 de30km .<\/li>\n<\/ul>\n\n\n\n<p class=\"has-primary-color has-light-gray-background-color has-text-color has-background\">D\u00e9lai de fabrication environ 4 semaines  ,planification de la livraison selon le planning .<br><strong>Tarif : 1900 \u20ac TTC<\/strong><\/p>\n\n\n\n<p class=\"has-black-color has-highlight-background-color has-text-color has-background has-medium-font-size\"><strong>Cabine de plage   165 x 105  x 240<\/strong><\/p>\n\n\n\n<div class=\"wp-block-columns is-layout-flex wp-container-core-columns-is-layout-9d6595d7 wp-block-columns-is-layout-flex\">\n<div class=\"wp-block-column is-layout-flow wp-block-column-is-layout-flow\">\n<figure class=\"wp-block-image size-large\"><img loading=\"lazy\" decoding=\"async\" width=\"768\" height=\"1024\" src=\"https:\/\/lesideesdefranck.fr\/wp-content\/uploads\/2024\/12\/IMG_20241217_152342-2-768x1024.jpg\" alt=\"\" class=\"wp-image-1268\" srcset=\"https:\/\/lesideesdefranck.fr\/wp-content\/uploads\/2024\/12\/IMG_20241217_152342-2-768x1024.jpg 768w, https:\/\/lesideesdefranck.fr\/wp-content\/uploads\/2024\/12\/IMG_20241217_152342-2-225x300.jpg 225w, https:\/\/lesideesdefranck.fr\/wp-content\/uploads\/2024\/12\/IMG_20241217_152342-2-1152x1536.jpg 1152w, https:\/\/lesideesdefranck.fr\/wp-content\/uploads\/2024\/12\/IMG_20241217_152342-2-1536x2048.jpg 1536w, https:\/\/lesideesdefranck.fr\/wp-content\/uploads\/2024\/12\/IMG_20241217_152342-2-scaled.jpg 1920w\" sizes=\"auto, (max-width: 768px) 100vw, 768px\" \/><\/figure>\n<\/div>\n\n\n\n<div class=\"wp-block-column is-layout-flow wp-block-column-is-layout-flow\">\n<figure class=\"wp-block-image size-large\"><img loading=\"lazy\" decoding=\"async\" width=\"768\" height=\"1024\" src=\"https:\/\/lesideesdefranck.fr\/wp-content\/uploads\/2025\/11\/IMG_20251009_175101-2-768x1024.jpg\" alt=\"\" class=\"wp-image-1392\" srcset=\"https:\/\/lesideesdefranck.fr\/wp-content\/uploads\/2025\/11\/IMG_20251009_175101-2-768x1024.jpg 768w, https:\/\/lesideesdefranck.fr\/wp-content\/uploads\/2025\/11\/IMG_20251009_175101-2-225x300.jpg 225w, https:\/\/lesideesdefranck.fr\/wp-content\/uploads\/2025\/11\/IMG_20251009_175101-2-1152x1536.jpg 1152w, https:\/\/lesideesdefranck.fr\/wp-content\/uploads\/2025\/11\/IMG_20251009_175101-2-1536x2048.jpg 1536w, https:\/\/lesideesdefranck.fr\/wp-content\/uploads\/2025\/11\/IMG_20251009_175101-2-scaled.jpg 1920w\" sizes=\"auto, (max-width: 768px) 100vw, 768px\" \/><\/figure>\n<\/div>\n<\/div>\n\n\n\n<p><\/p>\n\n\n\n<ul class=\"wp-block-list\">\n<li><\/li>\n\n\n\n<li>Structure en tasseau trait\u00e9 CL 4 45 x 45<\/li>\n\n\n\n<li>Bardage pin autoclave trait\u00e9 CL 4 Lame Ep 21<\/li>\n\n\n\n<li>Lame de finition pin autoclave trait\u00e9 CL4  <\/li>\n\n\n\n<li>Finition fa\u00e7ade 9 lames<\/li>\n\n\n\n<li>Vis inox A2    ,Pointe t\u00eate ronde inox A2 <\/li>\n\n\n\n<li>Peinture glyc\u00e9ro (condition extr\u00eame) 2 couches lame par lame ext\u00e9rieur ( peinture int\u00e9rieure optionnelle )<\/li>\n\n\n\n<li>Toit en bois CL4 + r\u00e9sine <\/li>\n\n\n\n<li>Plancher lame de terrasse pin autoclave trait\u00e9  CL 4<\/li>\n\n\n\n<li>Hublot 30 cm diam\u00e8tre pvc <\/li>\n\n\n\n<li>Serrurerie -Fermeture de la porte fermeture type loquet en inox<\/li>\n\n\n\n<li>D\u00e9montable en 6 parties (les 4 c\u00f4t\u00e9s  + le toit + plancher)<\/li>\n\n\n\n<li>Poids : 300 Kg environ<\/li>\n\n\n\n<li><\/li>\n\n\n\n<li class=\"has-medium-font-size\">Finition fa\u00e7ade 11 lames<\/li>\n<\/ul>\n\n\n\n<p>Au choix : <\/p>\n\n\n\n<ul class=\"wp-block-list\">\n<li>Couleur : Au choix avec un nuancier<\/li>\n\n\n\n<li><br>Option:<\/li>\n\n\n\n<li>Support pour l&rsquo;implantation d&rsquo;une dalle b\u00e9ton<\/li>\n\n\n\n<li class=\"has-primary-color has-text-color has-link-color has-medium-font-size wp-elements-cd97fa84c8cfc708117d04773612d437\"><strong>Livraison et montage sur place (2 personnes) 120\u20ac  : suppl\u00e9ment au del\u00e0 de30km .<\/strong><\/li>\n<\/ul>\n\n\n\n<p class=\"has-primary-color has-light-gray-background-color has-text-color has-background\">D\u00e9lai de fabrication environ 4 semaines  ,planification de la livraison selon le planning .<br><strong>Tarif : 2100 \u20ac TTC<\/strong><\/p>\n\n\n\n<h2 class=\"wp-block-heading has-light-gray-color has-primary-background-color has-text-color has-background\" id=\"cabine-de-plage-sur-mesure\">Cabine de plage sur mesure<\/h2>\n\n\n\n<p><strong>Tarif suite \u00e0 l&rsquo;\u00e9tude de votre projet<\/strong>.<\/p>\n","protected":false},"excerpt":{"rendered":"<p>Cabine de plage 105 x 105 x 230 Au choix : D\u00e9lai de fabrication environ 4 semaines ,planification de la<\/p>\n","protected":false},"author":1,"featured_media":0,"parent":0,"menu_order":0,"comment_status":"closed","ping_status":"closed","template":"templates\/template-fullwidth.php","meta":{"footnotes":""},"class_list":["post-148","page","type-page","status-publish","hentry","comments-off"],"_links":{"self":[{"href":"https:\/\/lesideesdefranck.fr\/index.php\/wp-json\/wp\/v2\/pages\/148","targetHints":{"allow":["GET"]}}],"collection":[{"href":"https:\/\/lesideesdefranck.fr\/index.php\/wp-json\/wp\/v2\/pages"}],"about":[{"href":"https:\/\/lesideesdefranck.fr\/index.php\/wp-json\/wp\/v2\/types\/page"}],"author":[{"embeddable":true,"href":"https:\/\/lesideesdefranck.fr\/index.php\/wp-json\/wp\/v2\/users\/1"}],"replies":[{"embeddable":true,"href":"https:\/\/lesideesdefranck.fr\/index.php\/wp-json\/wp\/v2\/comments?post=148"}],"version-history":[{"count":59,"href":"https:\/\/lesideesdefranck.fr\/index.php\/wp-json\/wp\/v2\/pages\/148\/revisions"}],"predecessor-version":[{"id":1393,"href":"https:\/\/lesideesdefranck.fr\/index.php\/wp-json\/wp\/v2\/pages\/148\/revisions\/1393"}],"wp:attachment":[{"href":"https:\/\/lesideesdefranck.fr\/index.php\/wp-json\/wp\/v2\/media?parent=148"}],"curies":[{"name":"wp","href":"https:\/\/api.w.org\/{rel}","templated":true}]}}